{"id":1962,"date":"2024-08-11T21:03:21","date_gmt":"2024-08-11T21:03:21","guid":{"rendered":"https:\/\/padelrey.pt\/politique-de-confidentialite\/"},"modified":"2025-08-27T00:42:41","modified_gmt":"2025-08-27T00:42:41","slug":"politique-de-confidentialite","status":"publish","type":"page","link":"https:\/\/padelrey.pt\/fr\/politique-de-confidentialite\/","title":{"rendered":"Politique de confidentialit\u00e9"},"content":{"rendered":"\n<p>Padel Rey s&rsquo;engage \u00e0 prot\u00e9ger la vie priv\u00e9e de ses Clients et des Utilisateurs de son site web et, dans ce contexte, a \u00e9labor\u00e9 la pr\u00e9sente Politique de confidentialit\u00e9 afin de d\u00e9montrer son engagement et son respect des r\u00e8gles relatives \u00e0 la vie priv\u00e9e et \u00e0 la protection des donn\u00e9es \u00e0 caract\u00e8re personnel.<\/p>\n\n<p>La pr\u00e9sente politique de confidentialit\u00e9 s&rsquo;applique exclusivement \u00e0 la collecte et au traitement des donn\u00e9es \u00e0 caract\u00e8re personnel effectu\u00e9s par notre soci\u00e9t\u00e9, et nous vous conseillons de lire ce document dans son int\u00e9gralit\u00e9.  <\/p>\n\n<p>La pr\u00e9sente politique de confidentialit\u00e9 s&rsquo;applique \u00e0 toutes les donn\u00e9es \u00e0 caract\u00e8re personnel collect\u00e9es sur le site web.<\/p>\n\n<h2 class=\"wp-block-heading\">Contr\u00f4leur des donn\u00e9es<\/h2>\n\n<p>L&rsquo;organisation responsable du traitement des donn\u00e9es \u00e0 caract\u00e8re personnel est Padel Rey, dont le si\u00e8ge social est situ\u00e9 Avenida da Liberdade 125 Nacional 114 2525-801 Serra d&rsquo;El-Rei et dont l&rsquo;adresse \u00e9lectronique est padelrey@padelrey.pt.<\/p>\n\n<h2 class=\"wp-block-heading\">Types de donn\u00e9es personnelles<\/h2>\n\n<p>Les donn\u00e9es collect\u00e9es dans le cadre de l&rsquo;activit\u00e9 professionnelle sont celles contenues dans les formulaires de contact de notre site web.  <\/p>\n\n<h2 class=\"wp-block-heading\">Comment recueillons-nous vos donn\u00e9es personnelles ?  <\/h2>\n\n<ul class=\"wp-block-list\">\n<li>Par le biais de notre site web ;  <\/li>\n\n\n\n<li>Lorsque vous vous inscrivez \u00e0 nos bulletins d&rsquo;information, en nous donnant votre consentement.  <\/li>\n<\/ul>\n\n<h2 class=\"wp-block-heading\">Motifs et finalit\u00e9s du traitement  <\/h2>\n\n<ul class=\"wp-block-list\">\n<li>\u00e0 des fins de marketing et de vente, telles que : campagnes de marketing, \u00e9v\u00e9nements, promotions, informations sur les services et\/ou produits nouveaux ou actuels, enqu\u00eates de satisfaction ;  <\/li>\n\n\n\n<li>Contr\u00f4le pr\u00e9alable des contrats et\/ou ex\u00e9cution des contrats de service ;  <\/li>\n\n\n\n<li>Fourniture de services contractuels et gestion des clients ;  <\/li>\n\n\n\n<li>Respect d&rsquo;une obligation l\u00e9gale ;  <\/li>\n\n\n\n<li>Lorsque le traitement est n\u00e9cessaire pour remplir des obligations l\u00e9gales, telles que r\u00e9pondre \u00e0 des instances judiciaires, r\u00e9glementaires et de contr\u00f4le, entre autres ;<\/li>\n\n\n\n<li>Int\u00e9r\u00eat l\u00e9gitime ;  <\/li>\n\n\n\n<li>Lorsque le traitement des donn\u00e9es \u00e0 caract\u00e8re personnel correspond \u00e0 un int\u00e9r\u00eat l\u00e9gitime, tel que le traitement des donn\u00e9es pour am\u00e9liorer la qualit\u00e9 du service, la d\u00e9tection de la fraude, etc.  <\/li>\n<\/ul>\n\n<h2 class=\"wp-block-heading\">Dur\u00e9e de conservation  <\/h2>\n\n<p>Nous ne conservons vos donn\u00e9es que pour la dur\u00e9e n\u00e9cessaire \u00e0 la r\u00e9alisation de l&rsquo;objectif pour lequel elles ont \u00e9t\u00e9 collect\u00e9es.  <\/p>\n\n<h2 class=\"wp-block-heading\">Droits des utilisateurs  <\/h2>\n\n<p>Les utilisateurs peuvent exercer leurs droits d&rsquo;acc\u00e8s, de mise \u00e0 jour, d&rsquo;effacement, de restriction, d&rsquo;opposition \u00e0 l&rsquo;utilisation de leurs donn\u00e9es \u00e0 des fins commerciales par l&rsquo;entreprise et de retrait de leur consentement \u00e0 tout moment, sans que cela ne compromette la l\u00e9galit\u00e9 du traitement effectu\u00e9 en vertu de ce consentement, ainsi que le droit \u00e0 la portabilit\u00e9 des donn\u00e9es en demandant l&rsquo;un des moyens susmentionn\u00e9s. La personne concern\u00e9e peut \u00e9galement d\u00e9poser une plainte concernant le traitement des donn\u00e9es aupr\u00e8s de la Commission nationale de protection des donn\u00e9es.  <\/p>\n\n<h2 class=\"wp-block-heading\">Transmission des donn\u00e9es<\/h2>\n\n<p>Le traitement des donn\u00e9es des utilisateurs peut \u00eatre effectu\u00e9 par un prestataire de services appropri\u00e9 engag\u00e9 par notre soci\u00e9t\u00e9. Dans ce cas, des mesures appropri\u00e9es sont prises pour s&rsquo;assurer que les entit\u00e9s qui ont acc\u00e8s aux donn\u00e9es offrent les garanties les plus \u00e9lev\u00e9es en mati\u00e8re de protection des donn\u00e9es. Par cons\u00e9quent, tout sous-traitant traitera les donn\u00e9es personnelles des utilisateurs au nom et pour le compte de notre soci\u00e9t\u00e9, dans le strict respect des r\u00e8gles l\u00e9gales en mati\u00e8re de protection des donn\u00e9es personnelles, de s\u00e9curit\u00e9 de l&rsquo;information et des autres r\u00e8gles applicables.<\/p>\n\n<h2 class=\"wp-block-heading\">Transferts internationaux de donn\u00e9es  <\/h2>\n\n<p>Notre soci\u00e9t\u00e9 peut, aux fins d\u00e9crites, transf\u00e9rer vos donn\u00e9es d&rsquo;utilisateur en dehors du territoire de l&rsquo;Espace \u00e9conomique europ\u00e9en (EEE). Dans ces cas, elle se conformera strictement aux dispositions l\u00e9gales applicables, \u00e0 savoir la d\u00e9termination de l&rsquo;ad\u00e9quation du ou des pays de destination en ce qui concerne la protection des donn\u00e9es \u00e0 caract\u00e8re personnel et les exigences applicables \u00e0 ces transferts.  <\/p>\n\n<h2 class=\"wp-block-heading\">D\u00e9cisions automatis\u00e9es  <\/h2>\n\n<p>Notre soci\u00e9t\u00e9 peut \u00e9tablir des profils d&rsquo;utilisateurs qui permettront de prendre des d\u00e9cisions automatis\u00e9es sur la base des caract\u00e9ristiques personnelles, des pr\u00e9f\u00e9rences, de l&rsquo;historique du comportement et de la localisation. Dans ces cas, l&rsquo;utilisateur aura le droit d&rsquo;obtenir une intervention humaine dans la d\u00e9cision, d&rsquo;exprimer son point de vue et de contester la d\u00e9cision adopt\u00e9e.  <\/p>\n\n<h2 class=\"wp-block-heading\">Mesures de protection des donn\u00e9es personnelles  <\/h2>\n\n<p>Notre entreprise applique un certain nombre de mesures techniques et organisationnelles appropri\u00e9es pour prot\u00e9ger les donn\u00e9es personnelles des utilisateurs.  <\/p>\n\n<h2 class=\"wp-block-heading\">Modifications de la politique de confidentialit\u00e9  <\/h2>\n\n<p>De temps \u00e0 autre, notre soci\u00e9t\u00e9 mettra \u00e0 jour la pr\u00e9sente politique de confidentialit\u00e9.  <\/p>\n\n<p>Veuillez consulter r\u00e9guli\u00e8rement ce document pour vous tenir au courant.<\/p>\n\n<p><\/p>\n","protected":false},"excerpt":{"rendered":"<p>Padel Rey s&rsquo;engage \u00e0 prot\u00e9ger la vie priv\u00e9e de ses Clients et des Utilisateurs de son site web et, dans ce contexte, a \u00e9labor\u00e9 la pr\u00e9sente Politique de confidentialit\u00e9 afin de d\u00e9montrer son engagement et son respect des r\u00e8gles relatives \u00e0 la vie priv\u00e9e et \u00e0 la protection des donn\u00e9es \u00e0 caract\u00e8re personnel. La pr\u00e9sente [&hellip;]<\/p>\n","protected":false},"author":2,"featured_media":0,"parent":0,"menu_order":0,"comment_status":"closed","ping_status":"open","template":"","meta":{"footnotes":""},"class_list":["post-1962","page","type-page","status-publish","hentry"],"_links":{"self":[{"href":"https:\/\/padelrey.pt\/fr\/wp-json\/wp\/v2\/pages\/1962","targetHints":{"allow":["GET"]}}],"collection":[{"href":"https:\/\/padelrey.pt\/fr\/wp-json\/wp\/v2\/pages"}],"about":[{"href":"https:\/\/padelrey.pt\/fr\/wp-json\/wp\/v2\/types\/page"}],"author":[{"embeddable":true,"href":"https:\/\/padelrey.pt\/fr\/wp-json\/wp\/v2\/users\/2"}],"replies":[{"embeddable":true,"href":"https:\/\/padelrey.pt\/fr\/wp-json\/wp\/v2\/comments?post=1962"}],"version-history":[{"count":1,"href":"https:\/\/padelrey.pt\/fr\/wp-json\/wp\/v2\/pages\/1962\/revisions"}],"predecessor-version":[{"id":1964,"href":"https:\/\/padelrey.pt\/fr\/wp-json\/wp\/v2\/pages\/1962\/revisions\/1964"}],"wp:attachment":[{"href":"https:\/\/padelrey.pt\/fr\/wp-json\/wp\/v2\/media?parent=1962"}],"curies":[{"name":"wp","href":"https:\/\/api.w.org\/{rel}","templated":true}]}}